{"id":1716,"date":"2021-06-30T07:43:00","date_gmt":"2021-06-30T07:43:00","guid":{"rendered":"\/team\/"},"modified":"2022-02-10T21:55:49","modified_gmt":"2022-02-10T21:55:49","slug":"team","status":"publish","type":"page","link":"https:\/\/www.lavoznola.com\/es\/team\/","title":{"rendered":"Equipo"},"content":{"rendered":"\t\t<div data-elementor-type=\"wp-page\" data-elementor-id=\"1716\" class=\"elementor elementor-1716 elementor-242\">\n\t\t\t\t\t\t\t\t\t<section class=\"elementor-section elementor-top-section elementor-element elementor-element-f548885 elementor-section-boxed elementor-section-height-default elementor-section-height-default\" data-id=\"f548885\" data-element_type=\"section\">\n\t\t\t\t\t\t<div class=\"elementor-container elementor-column-gap-default\">\n\t\t\t\t\t<div class=\"elementor-column elementor-col-100 elementor-top-column elementor-element elementor-element-e7fd78b\" data-id=\"e7fd78b\" data-element_type=\"column\">\n\t\t\t<div class=\"elementor-widget-wrap elementor-element-populated\">\n\t\t\t\t\t\t\t\t<div class=\"elementor-element elementor-element-c002a5a elementor-widget elementor-widget-heading\" data-id=\"c002a5a\" data-element_type=\"widget\" data-widget_type=\"heading.default\">\n\t\t\t\t<div class=\"elementor-widget-container\">\n\t\t\t<h2 class=\"elementor-heading-title elementor-size-default\">equipo<\/h2>\t\t<\/div>\n\t\t\t\t<\/div>\n\t\t\t\t\t<\/div>\n\t\t<\/div>\n\t\t\t\t\t\t\t<\/div>\n\t\t<\/section>\n\t\t\t\t<section class=\"elementor-section elementor-top-section elementor-element elementor-element-c4615d3 elementor-section-full_width elementor-section-height-default elementor-section-height-default\" data-id=\"c4615d3\" data-element_type=\"section\">\n\t\t\t\t\t\t<div class=\"elementor-container elementor-column-gap-no\">\n\t\t\t\t\t<div class=\"elementor-column elementor-col-100 elementor-top-column elementor-element elementor-element-0b6d380\" data-id=\"0b6d380\" data-element_type=\"column\">\n\t\t\t<div class=\"elementor-widget-wrap elementor-element-populated\">\n\t\t\t\t\t\t\t\t<div class=\"elementor-element elementor-element-c0441a1 elementor-widget elementor-widget-image\" data-id=\"c0441a1\" data-element_type=\"widget\" data-widget_type=\"image.default\">\n\t\t\t\t<div class=\"elementor-widget-container\">\n\t\t\t\t\t\t\t\t\t\t\t\t\t\t\t<img loading=\"lazy\" decoding=\"async\" width=\"2560\" height=\"1552\" src=\"https:\/\/www.lavoznola.com\/wp-content\/uploads\/2021\/12\/Group-Pic-3-scaled.jpg\" class=\"attachment-full size-full wp-image-2840\" alt=\"\" srcset=\"https:\/\/www.lavoznola.com\/wp-content\/uploads\/2021\/12\/Group-Pic-3-scaled.jpg 2560w, https:\/\/www.lavoznola.com\/wp-content\/uploads\/2021\/12\/Group-Pic-3-300x182.jpg 300w, https:\/\/www.lavoznola.com\/wp-content\/uploads\/2021\/12\/Group-Pic-3-1024x621.jpg 1024w, https:\/\/www.lavoznola.com\/wp-content\/uploads\/2021\/12\/Group-Pic-3-768x466.jpg 768w, https:\/\/www.lavoznola.com\/wp-content\/uploads\/2021\/12\/Group-Pic-3-1536x931.jpg 1536w, https:\/\/www.lavoznola.com\/wp-content\/uploads\/2021\/12\/Group-Pic-3-2048x1241.jpg 2048w, https:\/\/www.lavoznola.com\/wp-content\/uploads\/2021\/12\/Group-Pic-3-600x364.jpg 600w\" sizes=\"auto, (max-width: 2560px) 100vw, 2560px\" \/>\t\t\t\t\t\t\t\t\t\t\t\t\t\t\t<\/div>\n\t\t\t\t<\/div>\n\t\t\t\t\t<\/div>\n\t\t<\/div>\n\t\t\t\t\t\t\t<\/div>\n\t\t<\/section>\n\t\t\t\t<section class=\"elementor-section elementor-top-section elementor-element elementor-element-5cfdcd3 elementor-section-boxed elementor-section-height-default elementor-section-height-default\" data-id=\"5cfdcd3\" data-element_type=\"section\">\n\t\t\t\t\t\t<div class=\"elementor-container elementor-column-gap-default\">\n\t\t\t\t\t<div class=\"elementor-column elementor-col-50 elementor-top-column elementor-element elementor-element-1f3b756\" data-id=\"1f3b756\" data-element_type=\"column\">\n\t\t\t<div class=\"elementor-widget-wrap elementor-element-populated\">\n\t\t\t\t\t\t\t\t<div class=\"elementor-element elementor-element-391104f elementor-flip-box--effect-zoom-in elementor-widget elementor-widget-flip-box\" data-id=\"391104f\" data-element_type=\"widget\" data-widget_type=\"flip-box.default\">\n\t\t\t\t<div class=\"elementor-widget-container\">\n\t\t\t\t\t<div class=\"elementor-flip-box\">\n\t\t\t<div class=\"elementor-flip-box__layer elementor-flip-box__front\">\n\t\t\t\t<div class=\"elementor-flip-box__layer__overlay\">\n\t\t\t\t\t<div class=\"elementor-flip-box__layer__inner\">\n\t\t\t\t\t\t\n\t\t\t\t\t\t\n\t\t\t\t\t\t\t\t\t\t\t<\/div>\n\t\t\t\t<\/div>\n\t\t\t<\/div>\n\t\t\t<div class=\"elementor-flip-box__layer elementor-flip-box__back\">\n\t\t\t<div class=\"elementor-flip-box__layer__overlay\">\n\t\t\t\t<div class=\"elementor-flip-box__layer__inner\">\n\t\t\t\t\t\n\t\t\t\t\t\t\t\t\t\t\t<div class=\"elementor-flip-box__layer__description\">\n\t\t\t\t\t\t\tDavid Alvarez es hijo de refugiados cubanos y tiene una amplia experiencia en la gesti\u00f3n y evaluaci\u00f3n de programas y organizaciones comunitarias. Fue elegido por sus compa\u00f1eros como el Profesional de Prevenci\u00f3n del A\u00f1o 2010 de Luisiana y actualmente es el Director de Programas de la Coalici\u00f3n Comunitaria LA Voz de la Comunidad. El trabajo de David con LA Voz se enfoca en desarrollar la capacidad de la comunidad latinx para prevenir los factores de riesgo de la salud conductual de los j\u00f3venes y al mismo tiempo desarrollar factores de protecci\u00f3n dentro de la comunidad. comunidad latinx. David es una persona designada para el Comit\u00e9 de Sistemas de Prevenci\u00f3n de la Junta de Pol\u00edticas de Drogas y ayuda en los esfuerzos estatales para prevenir el abuso de sustancias entre los j\u00f3venes y otros comportamientos juveniles de alto riesgo. David es una persona designada por el Gobernador de Luisiana para la Comisi\u00f3n Latina de Luisiana, que tiene la tarea de identificar los obst\u00e1culos para la prestaci\u00f3n efectiva de servicios gubernamentales por parte de todos los proveedores de servicios de todos los niveles de gobierno a la poblaci\u00f3n latinx de Luisiana y proponer remedios a esos obst\u00e1culos. David tiene diez a\u00f1os de experiencia realizando evaluaciones de programas escolares de salud conductual para cientos de miles de estudiantes de Luisiana.  \n \n\n \n\n\t\t\t\t\t\t<\/div>\n\t\t\t\t\t\n\t\t\t\t\t\t\t\t<\/div>\n\t\t<\/div>\n\t\t<\/div>\n\t\t<\/div>\n\t\t\t\t<\/div>\n\t\t\t\t<\/div>\n\t\t\t\t<div class=\"elementor-element elementor-element-ceb4401 elementor-widget elementor-widget-text-editor\" data-id=\"ceb4401\" data-element_type=\"widget\" data-widget_type=\"text-editor.default\">\n\t\t\t\t<div class=\"elementor-widget-container\">\n\t\t\t\t\t\t\t<p>DAVID \u00c1LVAREZ, MA, LPP<br>Director de programa<br><a href=\"mailto:david@lavozdelacomunidad.us\" target=\"_blank\" rel=\"noopener\">david@lavozdelacomunidad.us<\/a><\/p>\t\t\t\t\t\t<\/div>\n\t\t\t\t<\/div>\n\t\t\t\t\t<\/div>\n\t\t<\/div>\n\t\t\t\t<div class=\"elementor-column elementor-col-50 elementor-top-column elementor-element elementor-element-38ed3ab\" data-id=\"38ed3ab\" data-element_type=\"column\">\n\t\t\t<div class=\"elementor-widget-wrap elementor-element-populated\">\n\t\t\t\t\t\t\t\t<div class=\"elementor-element elementor-element-7edeb68 elementor-flip-box--effect-zoom-in elementor-widget elementor-widget-flip-box\" data-id=\"7edeb68\" data-element_type=\"widget\" data-widget_type=\"flip-box.default\">\n\t\t\t\t<div class=\"elementor-widget-container\">\n\t\t\t\t\t<div class=\"elementor-flip-box\">\n\t\t\t<div class=\"elementor-flip-box__layer elementor-flip-box__front\">\n\t\t\t\t<div class=\"elementor-flip-box__layer__overlay\">\n\t\t\t\t\t<div class=\"elementor-flip-box__layer__inner\">\n\t\t\t\t\t\t\n\t\t\t\t\t\t\n\t\t\t\t\t\t\t\t\t\t\t<\/div>\n\t\t\t\t<\/div>\n\t\t\t<\/div>\n\t\t\t<div class=\"elementor-flip-box__layer elementor-flip-box__back\">\n\t\t\t<div class=\"elementor-flip-box__layer__overlay\">\n\t\t\t\t<div class=\"elementor-flip-box__layer__inner\">\n\t\t\t\t\t\n\t\t\t\t\t\t\t\t\t\t\t<div class=\"elementor-flip-box__layer__description\">\n\t\t\t\t\t\t\tJacqueline Haas es la Enlace Comunitario de LA Voz de la Comunidad. Ella es propietaria de un negocio en Kenner y se ofrece activamente como voluntaria en el Apostolado Hispano y Jambalaya News. Ella es muy apreciada dentro de las comunidades latinas y ha trabajado en la prevenci\u00f3n del abuso de sustancias durante los \u00faltimos 5 a\u00f1os. Jacqueline comenz\u00f3 con \u00e9xito un programa de prevenci\u00f3n en un gran complejo de viviendas que es mayoritariamente latino y mantiene relaciones s\u00f3lidas con l\u00edderes empresariales en todo Kenner. Su trabajo con LA Voz incluye los clubes de liderazgo juvenil, las campa\u00f1as juveniles y los componentes de mensajer\u00eda de los medios de nuestro plan de acci\u00f3n son componentes de trabajo cr\u00edticos para el enlace comunitario. \t\t\t\t\t\t<\/div>\n\t\t\t\t\t\n\t\t\t\t\t\t\t\t<\/div>\n\t\t<\/div>\n\t\t<\/div>\n\t\t<\/div>\n\t\t\t\t<\/div>\n\t\t\t\t<\/div>\n\t\t\t\t<div class=\"elementor-element elementor-element-ea4ff75 elementor-widget elementor-widget-text-editor\" data-id=\"ea4ff75\" data-element_type=\"widget\" data-widget_type=\"text-editor.default\">\n\t\t\t\t<div class=\"elementor-widget-container\">\n\t\t\t\t\t\t\t<p>JACQUELINE HAAS <br>Enlace comunitario<br><a href=\"mailto:jacqueline@lavozdelacomunidad.us\">jacqueline@lavozdelacomunidad.us<\/a><\/p>\t\t\t\t\t\t<\/div>\n\t\t\t\t<\/div>\n\t\t\t\t\t<\/div>\n\t\t<\/div>\n\t\t\t\t\t\t\t<\/div>\n\t\t<\/section>\n\t\t\t\t<section class=\"elementor-section elementor-top-section elementor-element elementor-element-a84f731 elementor-section-boxed elementor-section-height-default elementor-section-height-default\" data-id=\"a84f731\" data-element_type=\"section\">\n\t\t\t\t\t\t<div class=\"elementor-container elementor-column-gap-default\">\n\t\t\t\t\t<div class=\"elementor-column elementor-col-50 elementor-top-column elementor-element elementor-element-8370a45\" data-id=\"8370a45\" data-element_type=\"column\">\n\t\t\t<div class=\"elementor-widget-wrap elementor-element-populated\">\n\t\t\t\t\t\t\t\t<div class=\"elementor-element elementor-element-383f622 elementor-flip-box--effect-zoom-in elementor-widget elementor-widget-flip-box\" data-id=\"383f622\" data-element_type=\"widget\" data-widget_type=\"flip-box.default\">\n\t\t\t\t<div class=\"elementor-widget-container\">\n\t\t\t\t\t<div class=\"elementor-flip-box\">\n\t\t\t<div class=\"elementor-flip-box__layer elementor-flip-box__front\">\n\t\t\t\t<div class=\"elementor-flip-box__layer__overlay\">\n\t\t\t\t\t<div class=\"elementor-flip-box__layer__inner\">\n\t\t\t\t\t\t\n\t\t\t\t\t\t\n\t\t\t\t\t\t\t\t\t\t\t<\/div>\n\t\t\t\t<\/div>\n\t\t\t<\/div>\n\t\t\t<div class=\"elementor-flip-box__layer elementor-flip-box__back\">\n\t\t\t<div class=\"elementor-flip-box__layer__overlay\">\n\t\t\t\t<div class=\"elementor-flip-box__layer__inner\">\n\t\t\t\t\t\n\t\t\t\t\t\t\t\t\t\t\t<div class=\"elementor-flip-box__layer__description\">\n\t\t\t\t\t\t\tNoel Ascencio es el Coordinador de Programas de LA Voz de la Comunidad. Su \u00e1rea de enfoque es el programa Comunidades Libres de Drogas. El trabajo del Sr. Ascencio incluye liderar la programaci\u00f3n directa para ni\u00f1os y j\u00f3venes en nuestras \u00e1reas de programas en Louisiana. Es originario de M\u00e9xico; Es un educador y orador motivacional que se ha presentado en escuelas privadas, p\u00fablicas y centros educativos de Am\u00e9rica Latina. El Sr. Ascencio tambi\u00e9n trabaja como pastor del ministerio de ni\u00f1os en el \u00e1rea metropolitana y lleva mensajes positivos y alentadores a su p\u00fablico joven.\t\t\t\t\t\t<\/div>\n\t\t\t\t\t\n\t\t\t\t\t\t\t\t<\/div>\n\t\t<\/div>\n\t\t<\/div>\n\t\t<\/div>\n\t\t\t\t<\/div>\n\t\t\t\t<\/div>\n\t\t\t\t<div class=\"elementor-element elementor-element-f86ec48 elementor-widget elementor-widget-text-editor\" data-id=\"f86ec48\" data-element_type=\"widget\" data-widget_type=\"text-editor.default\">\n\t\t\t\t<div class=\"elementor-widget-container\">\n\t\t\t\t\t\t\t<p>Noel Ascencio <br>Coordinador de programa<br><a href=\"mailto:noel@lavozdelacomunidad.us\">noel@lavozdelacomunidad.us<\/a><\/p>\t\t\t\t\t\t<\/div>\n\t\t\t\t<\/div>\n\t\t\t\t\t<\/div>\n\t\t<\/div>\n\t\t\t\t<div class=\"elementor-column elementor-col-50 elementor-top-column elementor-element elementor-element-c73acc0\" data-id=\"c73acc0\" data-element_type=\"column\">\n\t\t\t<div class=\"elementor-widget-wrap elementor-element-populated\">\n\t\t\t\t\t\t\t\t<div class=\"elementor-element elementor-element-ea1adfa elementor-flip-box--effect-zoom-in elementor-widget elementor-widget-flip-box\" data-id=\"ea1adfa\" data-element_type=\"widget\" data-widget_type=\"flip-box.default\">\n\t\t\t\t<div class=\"elementor-widget-container\">\n\t\t\t\t\t<div class=\"elementor-flip-box\">\n\t\t\t<div class=\"elementor-flip-box__layer elementor-flip-box__front\">\n\t\t\t\t<div class=\"elementor-flip-box__layer__overlay\">\n\t\t\t\t\t<div class=\"elementor-flip-box__layer__inner\">\n\t\t\t\t\t\t\n\t\t\t\t\t\t\n\t\t\t\t\t\t\t\t\t\t\t<\/div>\n\t\t\t\t<\/div>\n\t\t\t<\/div>\n\t\t\t<div class=\"elementor-flip-box__layer elementor-flip-box__back\">\n\t\t\t<div class=\"elementor-flip-box__layer__overlay\">\n\t\t\t\t<div class=\"elementor-flip-box__layer__inner\">\n\t\t\t\t\t\n\t\t\t\t\t\t\t\t\t\t\t<div class=\"elementor-flip-box__layer__description\">\n\t\t\t\t\t\t\tDaesy K. Behrhorst es una organizadora comunitaria y defensora de los hispanos y latinos en las \u00e1reas de salud p\u00fablica y acceso ling\u00fc\u00edstico. El trabajo actual de la Sra. Behrhorst incluye a LA Coalici\u00f3n Voz de la Comunidad como Coordinadora del Proyecto. La Sra. Behrhorst es miembro activa fundadora y funcionaria del Foro Latino de Nueva Orleans desde 2005, conecta a proveedores que atienden a latinos en el \u00e1rea metropolitana de Nueva Orleans y es miembro activa fundadora y funcionaria de Louisiana Language Access Coalition, una organizaci\u00f3n sin fines de lucro que aboga por la poblaci\u00f3n con dominio limitado del ingl\u00e9s. Fue nombrada para servir en la Comisi\u00f3n Latina del Gobernador de Luisiana trabajando en las \u00e1reas de atenci\u00f3n m\u00e9dica y educaci\u00f3n. Behrhorst tambi\u00e9n trabaja para la Escuela de Salud P\u00fablica de LSUHSC en administraci\u00f3n e investigaci\u00f3n con un enfoque en el acceso a la atenci\u00f3n m\u00e9dica para hispanos, latinos y salud comunitaria. Se ha desempe\u00f1ado como Enlace Comunitario para los proyectos financiados por NIH\/NIEH del Derrame de Petr\u00f3leo de Deep-Water Horizon en la Escuela de Salud P\u00fablica de LSUHSC. Behrhorst ha trabajado en la administraci\u00f3n de la educaci\u00f3n superior durante 25 a\u00f1os en desarrollo de estudiantes, programaci\u00f3n e implementaci\u00f3n de tecnolog\u00eda. La Sra. Behrhorst es int\u00e9rprete\/traductora para eventos m\u00e9dicos, comunitarios y religiosos. Tambi\u00e9n se ofrece como voluntaria como actual presidenta de la junta\/presidenta de MQVN Community Development Corp. &amp; NOELA Healthcare Center en East New Orleans y Familias Unidas en Acci\u00f3n LA. Behrhorst ha ense\u00f1ado ESL comunitario y form\u00f3 el comit\u00e9 de salud en la Iglesia Cristiana Verbo. Es socia\/consultora principal en Behrhorst, Herrin &amp; duPlantier, con proyectos de planificaci\u00f3n, traducci\u00f3n, integraci\u00f3n de iniciativas cultural y ling\u00fc\u00edsticamente apropiadas para la comunidad limitada de ingl\u00e9s.\t\t\t\t\t\t<\/div>\n\t\t\t\t\t\n\t\t\t\t\t\t\t\t<\/div>\n\t\t<\/div>\n\t\t<\/div>\n\t\t<\/div>\n\t\t\t\t<\/div>\n\t\t\t\t<\/div>\n\t\t\t\t<div class=\"elementor-element elementor-element-89c81f4 elementor-widget elementor-widget-text-editor\" data-id=\"89c81f4\" data-element_type=\"widget\" data-widget_type=\"text-editor.default\">\n\t\t\t\t<div class=\"elementor-widget-container\">\n\t\t\t\t\t\t\t<p>DAESY BEHRHORST<br>Coordinador del proyecto<br><a href=\"mailto:daesy@lavozdelacomunidad.us\">daesy@lavozdelacomunidad.us<\/a><\/p>\t\t\t\t\t\t<\/div>\n\t\t\t\t<\/div>\n\t\t\t\t\t<\/div>\n\t\t<\/div>\n\t\t\t\t\t\t\t<\/div>\n\t\t<\/section>\n\t\t\t\t<section class=\"elementor-section elementor-top-section elementor-element elementor-element-3d73008 elementor-section-boxed elementor-section-height-default elementor-section-height-default\" data-id=\"3d73008\" data-element_type=\"section\">\n\t\t\t\t\t\t<div class=\"elementor-container elementor-column-gap-default\">\n\t\t\t\t\t<div class=\"elementor-column elementor-col-50 elementor-top-column elementor-element elementor-element-b90ccb5\" data-id=\"b90ccb5\" data-element_type=\"column\">\n\t\t\t<div class=\"elementor-widget-wrap elementor-element-populated\">\n\t\t\t\t\t\t\t\t<div class=\"elementor-element elementor-element-fa3d3cf elementor-flip-box--effect-zoom-in elementor-widget elementor-widget-flip-box\" data-id=\"fa3d3cf\" data-element_type=\"widget\" data-widget_type=\"flip-box.default\">\n\t\t\t\t<div class=\"elementor-widget-container\">\n\t\t\t\t\t<div class=\"elementor-flip-box\">\n\t\t\t<div class=\"elementor-flip-box__layer elementor-flip-box__front\">\n\t\t\t\t<div class=\"elementor-flip-box__layer__overlay\">\n\t\t\t\t\t<div class=\"elementor-flip-box__layer__inner\">\n\t\t\t\t\t\t\n\t\t\t\t\t\t\n\t\t\t\t\t\t\t\t\t\t\t<\/div>\n\t\t\t\t<\/div>\n\t\t\t<\/div>\n\t\t\t<div class=\"elementor-flip-box__layer elementor-flip-box__back\">\n\t\t\t<div class=\"elementor-flip-box__layer__overlay\">\n\t\t\t\t<div class=\"elementor-flip-box__layer__inner\">\n\t\t\t\t\t\n\t\t\t\t\t\t\t\t\t\t\t<div class=\"elementor-flip-box__layer__description\">\n\t\t\t\t\t\t\tGary Lagos Aguilar es el Coordinador de Seguridad Vial de LA Voz de la Comunidad. Su \u00e1rea de enfoque est\u00e1 en los programas de seguridad de los ocupantes y las carreteras de Luisiana. El trabajo de la Sra. Lagos incluye liderar la programaci\u00f3n directa y la educaci\u00f3n para todas las iniciativas de seguridad vial y de los ocupantes en nuestras \u00e1reas de programaci\u00f3n en Louisiana. Ella es originaria de Honduras y tambi\u00e9n es una candidata en ascenso como enfermera registrada.\t\t\t\t\t\t<\/div>\n\t\t\t\t\t\n\t\t\t\t\t\t\t\t<\/div>\n\t\t<\/div>\n\t\t<\/div>\n\t\t<\/div>\n\t\t\t\t<\/div>\n\t\t\t\t<\/div>\n\t\t\t\t<div class=\"elementor-element elementor-element-183646b elementor-widget elementor-widget-text-editor\" data-id=\"183646b\" data-element_type=\"widget\" data-widget_type=\"text-editor.default\">\n\t\t\t\t<div class=\"elementor-widget-container\">\n\t\t\t\t\t\t\t<p>GARY AGUILAR <br>Coordinador de seguridad vial y de los ocupantes<br><a href=\"mailto:gary@lavozdelacommunidad.us\">gary@lavozdelacomunidad.us<\/a><\/p>\t\t\t\t\t\t<\/div>\n\t\t\t\t<\/div>\n\t\t\t\t\t<\/div>\n\t\t<\/div>\n\t\t\t\t<div class=\"elementor-column elementor-col-50 elementor-top-column elementor-element elementor-element-cb4a745\" data-id=\"cb4a745\" data-element_type=\"column\">\n\t\t\t<div class=\"elementor-widget-wrap elementor-element-populated\">\n\t\t\t\t\t\t\t\t<div class=\"elementor-element elementor-element-fbdfe05 elementor-flip-box--effect-zoom-in elementor-widget elementor-widget-flip-box\" data-id=\"fbdfe05\" data-element_type=\"widget\" data-widget_type=\"flip-box.default\">\n\t\t\t\t<div class=\"elementor-widget-container\">\n\t\t\t\t\t<div class=\"elementor-flip-box\">\n\t\t\t<div class=\"elementor-flip-box__layer elementor-flip-box__front\">\n\t\t\t\t<div class=\"elementor-flip-box__layer__overlay\">\n\t\t\t\t\t<div class=\"elementor-flip-box__layer__inner\">\n\t\t\t\t\t\t\n\t\t\t\t\t\t\n\t\t\t\t\t\t\t\t\t\t\t<\/div>\n\t\t\t\t<\/div>\n\t\t\t<\/div>\n\t\t\t<div class=\"elementor-flip-box__layer elementor-flip-box__back\">\n\t\t\t<div class=\"elementor-flip-box__layer__overlay\">\n\t\t\t\t<div class=\"elementor-flip-box__layer__inner\">\n\t\t\t\t\t\n\t\t\t\t\t\t\t\t\t\t\t<div class=\"elementor-flip-box__layer__description\">\n\t\t\t\t\t\t\tMichelle Aguirre es la Coordinadora de Proyectos del programa Alianzas para el \u00c9xito de LA Voz de la Comunidad. Su \u00e1rea de enfoque es la paternidad activa y las asociaciones en la comunidad que proporciona la programaci\u00f3n asociada. El trabajo de la Sra. Aguirre incluye liderar la programaci\u00f3n directa para educar y liderar las \u00e1reas de programaci\u00f3n de nuestros socios en Louisiana. Es originaria de Honduras y se cri\u00f3 en Nueva Orleans. La Sra. Aguirre tambi\u00e9n trabaja como pastora de ministerios cristianos al frente de una congregaci\u00f3n hispana en Kenner, LA.\t\t\t\t\t\t<\/div>\n\t\t\t\t\t\n\t\t\t\t\t\t\t\t<\/div>\n\t\t<\/div>\n\t\t<\/div>\n\t\t<\/div>\n\t\t\t\t<\/div>\n\t\t\t\t<\/div>\n\t\t\t\t<div class=\"elementor-element elementor-element-e1a829a elementor-widget elementor-widget-text-editor\" data-id=\"e1a829a\" data-element_type=\"widget\" data-widget_type=\"text-editor.default\">\n\t\t\t\t<div class=\"elementor-widget-container\">\n\t\t\t\t\t\t\t<p>MICHELLE AGUIRRE <br>Coordinador de Proyectos, Alianzas para el \u00c9xito<br><a href=\"mailto:michelle@lavozdelacommunidad.us\">michelle@lavozdelacomunidad.us<\/a><\/p>\t\t\t\t\t\t<\/div>\n\t\t\t\t<\/div>\n\t\t\t\t\t<\/div>\n\t\t<\/div>\n\t\t\t\t\t\t\t<\/div>\n\t\t<\/section>\n\t\t\t\t<section class=\"elementor-section elementor-top-section elementor-element elementor-element-b31c808 elementor-section-height-min-height elementor-section-content-middle elementor-section-boxed elementor-section-height-default elementor-section-items-middle\" data-id=\"b31c808\" data-element_type=\"section\" data-settings=\"{&quot;background_background&quot;:&quot;classic&quot;}\">\n\t\t\t\t\t\t\t<div class=\"elementor-background-overlay\"><\/div>\n\t\t\t\t\t\t\t<div class=\"elementor-container elementor-column-gap-default\">\n\t\t\t\t\t<div class=\"elementor-column elementor-col-100 elementor-top-column elementor-element elementor-element-d68686b\" data-id=\"d68686b\" data-element_type=\"column\">\n\t\t\t<div class=\"elementor-widget-wrap elementor-element-populated\">\n\t\t\t\t\t\t\t\t<div class=\"elementor-element elementor-element-b27b5da elementor-widget elementor-widget-heading\" data-id=\"b27b5da\" data-element_type=\"widget\" data-widget_type=\"heading.default\">\n\t\t\t\t<div class=\"elementor-widget-container\">\n\t\t\t<h2 class=\"elementor-heading-title elementor-size-default\">SOBRE LA VOZ<\/h2>\t\t<\/div>\n\t\t\t\t<\/div>\n\t\t\t\t<div class=\"elementor-element elementor-element-d3925b6 elementor-widget elementor-widget-text-editor\" data-id=\"d3925b6\" data-element_type=\"widget\" data-widget_type=\"text-editor.default\">\n\t\t\t\t<div class=\"elementor-widget-container\">\n\t\t\t\t\t\t\t<p>LA Voz trabaja para mejorar la calidad de vida en las comunidades latinas de Louisiana mediante la prevenci\u00f3n del abuso de sustancias por parte de los j\u00f3venes a trav\u00e9s de un liderazgo, avogacia, investigaci\u00f3n, educaci\u00f3n y ciudadan\u00eda que es culturalmente competente.<\/p><p>LA Voz de la Comunidad trabaja con l\u00edderes comunitarios para fortalecer nuestra comunidad en su totalidad.<\/p><p>Brindamos un lugar centralizado para que la comunidad latina encuentre recursos y eventos, se registre para recibir actualizaciones de la comunidad a trav\u00e9s de SMS o Whatsapp y participe en comunidad.<\/p>\t\t\t\t\t\t<\/div>\n\t\t\t\t<\/div>\n\t\t\t\t<div class=\"elementor-element elementor-element-584aa67 elementor-align-center elementor-widget elementor-widget-button\" data-id=\"584aa67\" data-element_type=\"widget\" data-widget_type=\"button.default\">\n\t\t\t\t<div class=\"elementor-widget-container\">\n\t\t\t\t\t<div class=\"elementor-button-wrapper\">\n\t\t\t<a href=\"\/es\/mision\/\" class=\"elementor-button-link elementor-button elementor-size-sm\" role=\"button\">\n\t\t\t\t\t\t<span class=\"elementor-button-content-wrapper\">\n\t\t\t\t\t\t<span class=\"elementor-button-text\">APRENDE M\u00c1S<\/span>\n\t\t<\/span>\n\t\t\t\t\t<\/a>\n\t\t<\/div>\n\t\t\t\t<\/div>\n\t\t\t\t<\/div>\n\t\t\t\t\t<\/div>\n\t\t<\/div>\n\t\t\t\t\t\t\t<\/div>\n\t\t<\/section>\n\t\t\t\t<section class=\"elementor-section elementor-top-section elementor-element elementor-element-3a19525 elementor-section-full_width elementor-section-content-middle elementor-reverse-mobile elementor-section-height-default elementor-section-height-default\" data-id=\"3a19525\" data-element_type=\"section\">\n\t\t\t\t\t\t<div class=\"elementor-container elementor-column-gap-no\">\n\t\t\t\t\t<div class=\"elementor-column elementor-col-50 elementor-top-column elementor-element elementor-element-038fa4e\" data-id=\"038fa4e\" data-element_type=\"column\" data-settings=\"{&quot;background_background&quot;:&quot;classic&quot;}\">\n\t\t\t<div class=\"elementor-widget-wrap elementor-element-populated\">\n\t\t\t\t\t<div class=\"elementor-background-overlay\"><\/div>\n\t\t\t\t\t\t\t\t<div class=\"elementor-element elementor-element-1dad724 elementor-widget elementor-widget-spacer\" data-id=\"1dad724\" data-element_type=\"widget\" data-widget_type=\"spacer.default\">\n\t\t\t\t<div class=\"elementor-widget-container\">\n\t\t\t\t\t<div class=\"elementor-spacer\">\n\t\t\t<div class=\"elementor-spacer-inner\"><\/div>\n\t\t<\/div>\n\t\t\t\t<\/div>\n\t\t\t\t<\/div>\n\t\t\t\t\t<\/div>\n\t\t<\/div>\n\t\t\t\t<div class=\"elementor-column elementor-col-50 elementor-top-column elementor-element elementor-element-5549d8c\" data-id=\"5549d8c\" data-element_type=\"column\" data-settings=\"{&quot;background_background&quot;:&quot;classic&quot;}\">\n\t\t\t<div class=\"elementor-widget-wrap elementor-element-populated\">\n\t\t\t\t\t\t\t\t<section class=\"elementor-section elementor-inner-section elementor-element elementor-element-204ebac elementor-section-boxed elementor-section-height-default elementor-section-height-default\" data-id=\"204ebac\" data-element_type=\"section\">\n\t\t\t\t\t\t<div class=\"elementor-container elementor-column-gap-default\">\n\t\t\t\t\t<div class=\"elementor-column elementor-col-100 elementor-inner-column elementor-element elementor-element-4dfb547\" data-id=\"4dfb547\" data-element_type=\"column\">\n\t\t\t<div class=\"elementor-widget-wrap elementor-element-populated\">\n\t\t\t\t\t\t\t\t<div class=\"elementor-element elementor-element-c0012f5 elementor-widget elementor-widget-heading\" data-id=\"c0012f5\" data-element_type=\"widget\" data-widget_type=\"heading.default\">\n\t\t\t\t<div class=\"elementor-widget-container\">\n\t\t\t<h2 class=\"elementor-heading-title elementor-size-default\">CONTACTE A LA VOZ<\/h2>\t\t<\/div>\n\t\t\t\t<\/div>\n\t\t\t\t<div class=\"elementor-element elementor-element-92cf5a3 elementor-button-align-end elementor-widget elementor-widget-form\" data-id=\"92cf5a3\" data-element_type=\"widget\" data-settings=\"{&quot;step_next_label&quot;:&quot;pr\\u00f3ximo&quot;,&quot;step_previous_label&quot;:&quot;Anterior&quot;,&quot;button_width&quot;:&quot;100&quot;,&quot;step_type&quot;:&quot;number_text&quot;,&quot;step_icon_shape&quot;:&quot;circle&quot;}\" data-widget_type=\"form.default\">\n\t\t\t\t<div class=\"elementor-widget-container\">\n\t\t\t\t\t<form class=\"elementor-form\" method=\"post\" name=\"Nuevo formulario\">\n\t\t\t<input type=\"hidden\" name=\"post_id\" value=\"1716\"\/>\n\t\t\t<input type=\"hidden\" name=\"form_id\" value=\"92cf5a3\"\/>\n\t\t\t<input type=\"hidden\" name=\"referer_title\" value=\"\" \/>\n\n\t\t\t\n\t\t\t<div class=\"elementor-form-fields-wrapper elementor-labels-above\">\n\t\t\t\t\t\t\t\t<div class=\"elementor-field-type-text elementor-field-group elementor-column elementor-field-group-name elementor-col-50\">\n\t\t\t\t\t\t\t\t\t\t\t\t\t<input size=\"1\" type=\"text\" name=\"form_fields[name]\" id=\"form-field-name\" class=\"elementor-field elementor-size-sm  elementor-field-textual\" placeholder=\"Apellido\">\n\t\t\t\t\t\t\t\t\t\t\t<\/div>\n\t\t\t\t\t\t\t\t<div class=\"elementor-field-type-text elementor-field-group elementor-column elementor-field-group-field_7c4ade2 elementor-col-50\">\n\t\t\t\t\t\t\t\t\t\t\t\t\t<input size=\"1\" type=\"text\" name=\"form_fields[field_7c4ade2]\" id=\"form-field-field_7c4ade2\" class=\"elementor-field elementor-size-sm  elementor-field-textual\" placeholder=\"Primer Nombre\">\n\t\t\t\t\t\t\t\t\t\t\t<\/div>\n\t\t\t\t\t\t\t\t<div class=\"elementor-field-type-email elementor-field-group elementor-column elementor-field-group-email elementor-col-100 elementor-field-required\">\n\t\t\t\t\t\t\t\t\t\t\t\t\t<input size=\"1\" type=\"email\" name=\"form_fields[email]\" id=\"form-field-email\" class=\"elementor-field elementor-size-sm  elementor-field-textual\" placeholder=\"Correo electr\u00f3nico\" required=\"required\" aria-required=\"true\">\n\t\t\t\t\t\t\t\t\t\t\t<\/div>\n\t\t\t\t\t\t\t\t<div class=\"elementor-field-type-text elementor-field-group elementor-column elementor-field-group-field_30585d6 elementor-col-100 elementor-field-required\">\n\t\t\t\t\t\t\t\t\t\t\t\t\t<input size=\"1\" type=\"text\" name=\"form_fields[field_30585d6]\" id=\"form-field-field_30585d6\" class=\"elementor-field elementor-size-sm  elementor-field-textual\" placeholder=\"Asunto de:\" required=\"required\" aria-required=\"true\">\n\t\t\t\t\t\t\t\t\t\t\t<\/div>\n\t\t\t\t\t\t\t\t<div class=\"elementor-field-type-textarea elementor-field-group elementor-column elementor-field-group-message elementor-col-100\">\n\t\t\t\t\t<textarea class=\"elementor-field-textual elementor-field  elementor-size-sm\" name=\"form_fields[message]\" id=\"form-field-message\" rows=\"6\" placeholder=\"Mensaje\"><\/textarea>\t\t\t\t<\/div>\n\t\t\t\t\t\t\t\t<div class=\"elementor-field-group elementor-column elementor-field-type-submit elementor-col-100 e-form__buttons\">\n\t\t\t\t\t<button type=\"submit\" class=\"elementor-button elementor-size-sm\">\n\t\t\t\t\t\t<span >\n\t\t\t\t\t\t\t\t\t\t\t\t\t\t\t<span class=\" elementor-button-icon\">\n\t\t\t\t\t\t\t\t\t\t\t\t\t\t\t\t\t\t\t\t\t\t\t\t\t\t<\/span>\n\t\t\t\t\t\t\t\t\t\t\t\t\t\t\t\t\t\t\t\t\t\t<span class=\"elementor-button-text\">Enviar<\/span>\n\t\t\t\t\t\t\t\t\t\t\t\t\t<\/span>\n\t\t\t\t\t<\/button>\n\t\t\t\t<\/div>\n\t\t\t<\/div>\n\t\t<\/form>\n\t\t\t\t<\/div>\n\t\t\t\t<\/div>\n\t\t\t\t\t<\/div>\n\t\t<\/div>\n\t\t\t\t\t\t\t<\/div>\n\t\t<\/section>\n\t\t\t\t\t<\/div>\n\t\t<\/div>\n\t\t\t\t\t\t\t<\/div>\n\t\t<\/section>\n\t\t\t\t\t\t\t<\/div>\n\t\t","protected":false},"excerpt":{"rendered":"<p>equipo David Alvarez es hijo de refugiados cubanos y tiene una amplia experiencia en la gesti\u00f3n y evaluaci\u00f3n de programas y organizaciones comunitarias. Fue elegido por sus compa\u00f1eros como el Profesional de Prevenci\u00f3n del A\u00f1o 2010 de Luisiana y actualmente es el Director de Programas de la Coalici\u00f3n Comunitaria LA Voz de la Comunidad. El [&hellip;]<\/p>\n","protected":false},"author":2,"featured_media":0,"parent":0,"menu_order":0,"comment_status":"closed","ping_status":"closed","template":"","meta":{"_acf_changed":false,"footnotes":""},"class_list":["post-1716","page","type-page","status-publish","hentry"],"acf":[],"_links":{"self":[{"href":"https:\/\/www.lavoznola.com\/es\/wp-json\/wp\/v2\/pages\/1716","targetHints":{"allow":["GET"]}}],"collection":[{"href":"https:\/\/www.lavoznola.com\/es\/wp-json\/wp\/v2\/pages"}],"about":[{"href":"https:\/\/www.lavoznola.com\/es\/wp-json\/wp\/v2\/types\/page"}],"author":[{"embeddable":true,"href":"https:\/\/www.lavoznola.com\/es\/wp-json\/wp\/v2\/users\/2"}],"replies":[{"embeddable":true,"href":"https:\/\/www.lavoznola.com\/es\/wp-json\/wp\/v2\/comments?post=1716"}],"version-history":[{"count":91,"href":"https:\/\/www.lavoznola.com\/es\/wp-json\/wp\/v2\/pages\/1716\/revisions"}],"predecessor-version":[{"id":3754,"href":"https:\/\/www.lavoznola.com\/es\/wp-json\/wp\/v2\/pages\/1716\/revisions\/3754"}],"wp:attachment":[{"href":"https:\/\/www.lavoznola.com\/es\/wp-json\/wp\/v2\/media?parent=1716"}],"curies":[{"name":"wp","href":"https:\/\/api.w.org\/{rel}","templated":true}]}}